{"id":1815,"date":"2021-08-18T16:02:53","date_gmt":"2021-08-18T16:02:53","guid":{"rendered":"https:\/\/turismo.trabada.gal\/\/esp\/?page_id=1815"},"modified":"2024-09-13T15:18:02","modified_gmt":"2024-09-13T15:18:02","slug":"museo-etnografico-jose-rocha","status":"publish","type":"page","link":"https:\/\/turismo.trabada.gal\/esp\/museo-etnografico-jose-rocha\/","title":{"rendered":"Museo Etnogr\u00e1fico Jos\u00e9 Rocha"},"content":{"rendered":"<div id=\"\" class=\"fw-main-row \"  style=\"\">\r\n\t<div class=\"container-fluid\">\r\n\t\t\r\n<div class=\"fw-row\">\r\n\t<div class=\"fw-col-xs-12 grid-column\"  style=\"\">\r\n\t<p>El Centro etnogr\u00e1fico Jos\u00e9 Rocha tiene como principal objetivo difundir el patrimonio etnogr\u00e1fico de Trabada y de la Comarca de A Mari\u00f1a.<\/p><p><img loading=\"lazy\" decoding=\"async\" class=\"aligncenter wp-image-2197 size-full\" title=\"Centro etnogr\u00e1fico Jos\u00e9 Rocha\" src=\"https:\/\/turismo.trabada.gal\/wp-content\/uploads\/2021\/08\/centro-etnografico-rocha-trabada.jpg\" alt=\"Centro etnogr\u00e1fico Jos\u00e9 Rocha\" width=\"1200\" height=\"400\" \/><\/p><p>La denominaci\u00f3n y, mismo su existencia, se lo debe este museo a Jos\u00e9 Rocha; el antiguo propietario de la colecci\u00f3n que en este museo se expone hasta que, hace unos anos, decidi\u00f3 donarla en favor del pueblo y compartir la riqueza cultural con la que contaba.<\/p><p><img loading=\"lazy\" decoding=\"async\" class=\"wp-image-2199 size-full aligncenter\" title=\"Centro etnogr\u00e1fico Jos\u00e9 Rocha\" src=\"https:\/\/turismo.trabada.gal\/wp-content\/uploads\/2021\/08\/centro-etnografico-rocha-trabada-2.jpg\" alt=\"Centro etnogr\u00e1fico Jos\u00e9 Rocha\" width=\"1200\" height=\"400\" \/><\/p><p>Jos\u00e9 Rocha lleva d\u00e9cadas coleccionando objetos y obras antiguas de todo tipo, una labor que contin\u00faa en la actualidad en la que no deja de hacer crecer el conjunto y asegura que seguir\u00e1 hasta su \u00faltimo aliento. Con todo este legado y este acto de generosidad, hace seis a\u00f1os, comenz\u00f3 a impulsarse este hermoso proyecto. Tras diversas licitaciones y, con la paciencia que requiere la burocracia y las ayudas econ\u00f3micas de la administraci\u00f3n, hoy podemos hablar de \u00e9xito.<\/p><\/div>\r\n<\/div>\r\n\r\n\r\n<div class=\"fw-row\">\r\n\t<div class=\"fw-col-xs-12 fw-col-sm-9 grid-column\"  style=\"\">\r\n\t<div class=\"responsive-video-wrapper\">\r\n\t<iframe loading=\"lazy\" title=\"Noticia de Lugo: Inauguraci\u00f3n Centro Etnogr\u00e1fico de Trabada\" width=\"320\" height=\"180\" src=\"https:\/\/www.youtube.com\/embed\/13jEKi9IhgI?feature=oembed\" frameborder=\"0\" allow=\"accelerometer; autoplay; clipboard-write; encrypted-media; gyroscope; picture-in-picture; web-share\" referrerpolicy=\"strict-origin-when-cross-origin\" allowfullscreen><\/iframe><\/div>\r\n<\/div>\r\n<\/div>\r\n\r\n\r\n<div class=\"fw-row\">\r\n\t<div class=\"fw-col-xs-12 grid-column\"  style=\"\">\r\n\t<h4>Prezo<\/h4><p>1,50 \u20ac por persona.<\/p><p>*Grupos de m\u00e1s de 20 personas: 1\u20ac\/persona<br \/>*Gratis los menores de 12 a\u00f1os.<\/p><h4>Horario<\/h4><p>De mi\u00e9rcoles a domingo de 10:00 a 14:00 horas.<\/p><\/div>\r\n<\/div>\r\n\r\n\r\n<div class=\"fw-row\">\r\n\t<div class=\"fw-col-xs-12 grid-column\"  style=\"\">\r\n\t<p><img loading=\"lazy\" decoding=\"async\" class=\"alignnone wp-image-1833 size-full\" src=\"http:\/\/https:\/\/turismo.trabada.gal\/\/esp\/wp-content\/uploads\/sites\/7\/2021\/09\/museo-rocha-trabada.png\" alt=\"\" width=\"1168\" height=\"826\" srcset=\"https:\/\/turismo.trabada.gal\/esp\/wp-content\/uploads\/sites\/7\/2021\/09\/museo-rocha-trabada.png 1168w, https:\/\/turismo.trabada.gal\/esp\/wp-content\/uploads\/sites\/7\/2021\/09\/museo-rocha-trabada-300x212.png 300w, https:\/\/turismo.trabada.gal\/esp\/wp-content\/uploads\/sites\/7\/2021\/09\/museo-rocha-trabada-768x543.png 768w, https:\/\/turismo.trabada.gal\/esp\/wp-content\/uploads\/sites\/7\/2021\/09\/museo-rocha-trabada-1024x724.png 1024w\" sizes=\"auto, (max-width: 1168px) 100vw, 1168px\" \/><\/p><p><a href=\"http:\/\/https:\/\/turismo.trabada.gal\/\/esp\/wp-content\/uploads\/sites\/7\/2021\/09\/museo-rocha-trabada-2.png\"><img loading=\"lazy\" decoding=\"async\" class=\"alignnone size-full wp-image-1835\" src=\"http:\/\/https:\/\/turismo.trabada.gal\/\/esp\/wp-content\/uploads\/sites\/7\/2021\/09\/museo-rocha-trabada-2.png\" alt=\"\" width=\"1168\" height=\"826\" srcset=\"https:\/\/turismo.trabada.gal\/esp\/wp-content\/uploads\/sites\/7\/2021\/09\/museo-rocha-trabada-2.png 1168w, https:\/\/turismo.trabada.gal\/esp\/wp-content\/uploads\/sites\/7\/2021\/09\/museo-rocha-trabada-2-300x212.png 300w, https:\/\/turismo.trabada.gal\/esp\/wp-content\/uploads\/sites\/7\/2021\/09\/museo-rocha-trabada-2-768x543.png 768w, https:\/\/turismo.trabada.gal\/esp\/wp-content\/uploads\/sites\/7\/2021\/09\/museo-rocha-trabada-2-1024x724.png 1024w\" sizes=\"auto, (max-width: 1168px) 100vw, 1168px\" \/><\/a><\/p><\/div>\r\n<\/div>\r\n\r\n\t<\/div>\r\n<\/div>\r\n\n","protected":false},"excerpt":{"rendered":"<p>El Centro etnogr\u00e1fico Jos\u00e9 Rocha tiene como principal objetivo difundir el patrimonio etnogr\u00e1fico de Trabada y de la Comarca de A Mari\u00f1a.La denominaci\u00f3n y, mismo su existencia, se lo debe este museo a Jos\u00e9 Rocha; el antiguo propietario de la colecci\u00f3n que en este museo se expone hasta que, hace unos anos, decidi\u00f3 donarla en [&hellip;]<\/p>\n","protected":false},"author":1,"featured_media":0,"parent":0,"menu_order":0,"comment_status":"closed","ping_status":"closed","template":"","meta":{"footnotes":""},"class_list":["post-1815","page","type-page","status-publish","hentry"],"_links":{"self":[{"href":"https:\/\/turismo.trabada.gal\/esp\/wp-json\/wp\/v2\/pages\/1815","targetHints":{"allow":["GET"]}}],"collection":[{"href":"https:\/\/turismo.trabada.gal\/esp\/wp-json\/wp\/v2\/pages"}],"about":[{"href":"https:\/\/turismo.trabada.gal\/esp\/wp-json\/wp\/v2\/types\/page"}],"author":[{"embeddable":true,"href":"https:\/\/turismo.trabada.gal\/esp\/wp-json\/wp\/v2\/users\/1"}],"replies":[{"embeddable":true,"href":"https:\/\/turismo.trabada.gal\/esp\/wp-json\/wp\/v2\/comments?post=1815"}],"version-history":[{"count":6,"href":"https:\/\/turismo.trabada.gal\/esp\/wp-json\/wp\/v2\/pages\/1815\/revisions"}],"predecessor-version":[{"id":2931,"href":"https:\/\/turismo.trabada.gal\/esp\/wp-json\/wp\/v2\/pages\/1815\/revisions\/2931"}],"wp:attachment":[{"href":"https:\/\/turismo.trabada.gal\/esp\/wp-json\/wp\/v2\/media?parent=1815"}],"curies":[{"name":"wp","href":"https:\/\/api.w.org\/{rel}","templated":true}]}}