{"id":745,"date":"2018-03-02T17:45:52","date_gmt":"2018-03-02T17:45:52","guid":{"rendered":"https:\/\/turismo.trabada.gal\/\/engl\/?page_id=745"},"modified":"2018-09-21T12:01:56","modified_gmt":"2018-09-21T12:01:56","slug":"rutas-de-senderismo","status":"publish","type":"page","link":"https:\/\/turismo.trabada.gal\/esp\/rutas-de-senderismo\/","title":{"rendered":"Rutas de Senderismo"},"content":{"rendered":"<h6 style=\"text-align: justify;\">Descubre el #CaminoNatural de Trabada a trav\u00e9s de nuestra red de senderos se\u00f1alizados que ofrece la posibilidad de recorrer nuestros parajes m\u00e1s interesantes de una forma sencilla y c\u00f3moda.<\/h6>\n<p style=\"text-align: justify;\">Trabada cuenta con numerosas rutas de senderismo por sus \u201cfragas\u201d de singular belleza natural. Un peque\u00f1o y \u00fanico territorio, que aguarda silencioso a que el visitante se acerque y disfrute de sus m\u00faltiples riquezas y experiencias, donde se impregnar\u00e1 del para\u00edso en estado puro. La riqueza de este pueblo, Trabada, se puede ver, escuchar, oler, tocar y saborear. Un placer para los sentidos\u2026 Af\u00ednalos, porque en Trabada la naturaleza se muestra en su m\u00e1xima expresi\u00f3n.<\/p>\n<h5 style=\"text-align: justify;\">Ruta de la Fraga da Becerreira<\/h5>\n<h6>(Longitud aproximada: 6Km)<\/h6>\n<p>&nbsp;<\/p>\n<p style=\"text-align: justify;\"><a href=\"https:\/\/turismo.trabada.gal\/esp\/wp-content\/uploads\/sites\/7\/2018\/04\/becerrira2-1.jpg\"><img loading=\"lazy\" decoding=\"async\" class=\"alignnone wp-image-1467 size-full\" src=\"https:\/\/turismo.trabada.gal\/esp\/wp-content\/uploads\/sites\/7\/2018\/04\/becerrira2-1.jpg\" alt=\"\" width=\"400\" height=\"300\" srcset=\"https:\/\/turismo.trabada.gal\/esp\/wp-content\/uploads\/sites\/7\/2018\/04\/becerrira2-1.jpg 400w, https:\/\/turismo.trabada.gal\/esp\/wp-content\/uploads\/sites\/7\/2018\/04\/becerrira2-1-300x225.jpg 300w\" sizes=\"auto, (max-width: 400px) 100vw, 400px\" \/><\/a><\/p>\n<p style=\"text-align: justify;\">Esta ruta discurre por un bosque caducifolio atl\u00e1ntico en buen estado de conservaci\u00f3n, entre vegetaci\u00f3n natural y aut\u00f3ctona, en la que los protagonistas son los robles y los ar\u00e1ndanos. En el primer tramo del recorrido hay un aparcamiento y, adem\u00e1s, un panel informativo sobre la ruta.<\/p>\n<p style=\"text-align: justify;\">Se comienza la ruta por un camino hacia la Fraga de Becerreira. Una vez all\u00ed, el sendero contin\u00faa al lado del regato de Vilapercide de forma ascendente hasta su nacimiento. En el trayecto se cruza varias veces por pasarelas de madera.\u00a0Esta fraga es de las que m\u00e1s belleza entra\u00f1a, particularmente por los m\u00faltiples anfibios que habitan en sus fuentes y arroyos\/riachuelos naturales. A medio camino, hay una fuente en la que se puede hacer una parada para observar el ambiente m\u00edstico y oscuro, como si de un cuento se tratara. Este bosque de rivera puede sorprender con diversas formas de troncos ca\u00eddos que, adem\u00e1s de su belleza poco com\u00fan, realizan una funci\u00f3n indispensable dentro del ciclo biol\u00f3gico.<\/p>\n<p style=\"text-align: justify;\">Este tramo de sendero finaliza en A Li\u00f1eira, donde el recorrido se separa del riachuelo para adentrarse en la parta alta de la fraga. All\u00ed se pueden observar numerosas especies de \u00e1rboles como los robles, casta\u00f1os, ar\u00e1ndanos o acebos. Al continuar por la parte alta, se pasa por una fuente y se comienza a descender por un sendero con curvas abiertas, que reducen el riesgo de erosi\u00f3n y la dificultad de la ruta.<\/p>\n<p style=\"text-align: justify;\"><a href=\"https:\/\/turismo.trabada.gal\/wp-content\/uploads\/2018\/03\/becerreira.pdf\">Descargar folleto de la Ruta da Becerreira<\/a><\/p>\n<h5 style=\"text-align: justify;\">Ruta de la Fraga da Vilapena<\/h5>\n<h6>(Longitud aproximada: Esta ruta cuenta con dos alternativas: una de menor\u00a0recorrido, con 6Km y otra con 10Km)<\/h6>\n<p><a href=\"https:\/\/turismo.trabada.gal\/esp\/wp-content\/uploads\/sites\/7\/2018\/04\/ruta-vilapena-1.jpg\"><img loading=\"lazy\" decoding=\"async\" class=\"alignnone size-full wp-image-1465\" src=\"https:\/\/turismo.trabada.gal\/esp\/wp-content\/uploads\/sites\/7\/2018\/04\/ruta-vilapena-1.jpg\" alt=\"\" width=\"960\" height=\"540\" srcset=\"https:\/\/turismo.trabada.gal\/esp\/wp-content\/uploads\/sites\/7\/2018\/04\/ruta-vilapena-1.jpg 960w, https:\/\/turismo.trabada.gal\/esp\/wp-content\/uploads\/sites\/7\/2018\/04\/ruta-vilapena-1-300x169.jpg 300w, https:\/\/turismo.trabada.gal\/esp\/wp-content\/uploads\/sites\/7\/2018\/04\/ruta-vilapena-1-768x432.jpg 768w\" sizes=\"auto, (max-width: 960px) 100vw, 960px\" \/><\/a><\/p>\n<p style=\"text-align: justify;\">Esta ruta rodea y atraviesa la Fraga de Vilapena, que se caracteriza por su gran diversidad y, adem\u00e1s de esto, por la presencia de madro\u00f1os en un tramo del recorrido. Esta es una fraga relicta, de incalculable valor patrimonial y adem\u00e1s constituye el ejemplo vivo m\u00e1s representativo del paisaje y los bosques que conformaban en la antig\u00fcedad Galicia desde el litoral hasta los 1500 metros de altitud.<\/p>\n<p>La ruta comienza justo antes de llegar al n\u00facleo de Vilapena, junta a una curva de la carreta donde hay una zona de aparcamiento y un panel informativo de la ruta. Desde ah\u00ed se contin\u00faa a pie por la carretera para atravesar el pueblo hasta alcanzar la iglesia, donde destaca su famoso retablo barroco. Despu\u00e9s, continuamos por la derecha y salimos del pueblo de Vilapena para encaminarnos hasta la fraga.<\/p>\n<p>M\u00e1s adelante, la ruta ofrece dos posibilidades: adentrarnos en la fraga tomando una pista a la derecha o continuar de frente 2Km siguiendo por la pista que nos sonducir\u00e1 hasta el alto de la Pena de Gorro. Si escogemos esta \u00faltima opci\u00f3n, tendremos una espl\u00e9ndida vista del valle de Vilaform\u00e1n y Vilapena donde adem\u00e1s hay un panel infromativo.<\/p>\n<p>Una vez recreada la vista y tras retomar algo de energ\u00eda, se vuelve de nuevo por el camino y nos dirigiremos hacia el oeste hasta llegar a la bifurcaci\u00f3n de la opci\u00f3n del recorrido corto. Se toma la misma pista forestal, que ahora queda a la izquierda, y poco a poco nos adentramos en la fraga. En ella podemos ver que el rey indiscutible es el roble, que se ve acompa\u00f1ado por otras especies como el acebo, el madro\u00f1o o los ar\u00e1ndanos. Si esta ruta se realiza en oto\u00f1o o en invierno, adem\u00e1s se podr\u00e1 saborear el sabroso fruto de los madro\u00f1os.<\/p>\n<p>El sendero se hace poco a poco m\u00e1s sinuoso y algo escarpado, hasta desembocar en un punto donde cruzamos el riachuelo de Vilaform\u00e1n. El entorno acaba en la zona de aparcamiento desde l salida de la fraga por una pista forestal.<\/p>\n<p style=\"text-align: justify;\"><a href=\"https:\/\/turismo.trabada.gal\/wp-content\/uploads\/2018\/03\/fragavilapena.pdf\" target=\"_blank\" rel=\"noopener\">Descargar folleto de la Ruta da Vilapena<\/a><\/p>\n<h5 style=\"text-align: justify;\">Ruta do Vento<\/h5>\n<h6 style=\"text-align: justify;\">(Longitud aproximada: 11Km)<\/h6>\n<p style=\"text-align: justify;\"><a href=\"https:\/\/turismo.trabada.gal\/esp\/wp-content\/uploads\/sites\/7\/2018\/04\/ruta-vento-1.jpg\"><img loading=\"lazy\" decoding=\"async\" class=\"alignnone size-full wp-image-1463\" src=\"https:\/\/turismo.trabada.gal\/esp\/wp-content\/uploads\/sites\/7\/2018\/04\/ruta-vento-1.jpg\" alt=\"\" width=\"960\" height=\"720\" srcset=\"https:\/\/turismo.trabada.gal\/esp\/wp-content\/uploads\/sites\/7\/2018\/04\/ruta-vento-1.jpg 960w, https:\/\/turismo.trabada.gal\/esp\/wp-content\/uploads\/sites\/7\/2018\/04\/ruta-vento-1-300x225.jpg 300w, https:\/\/turismo.trabada.gal\/esp\/wp-content\/uploads\/sites\/7\/2018\/04\/ruta-vento-1-768x576.jpg 768w\" sizes=\"auto, (max-width: 960px) 100vw, 960px\" \/><\/a><\/p>\n<p style=\"text-align: justify;\">Esta ruta es muy sencilla ya que discurre en su totalidad por carreteras ya existentes y todas ellas de escasa pendiente. Adem\u00e1s de esto, el paisaje es fascinante y se puede disfrutar de impresionantes vistas panor\u00e1micas desde el alto de Cerroch\u00e1n, el punto m\u00e1s alto del ayuntamiento (776 m). Desde este punto, tambi\u00e9n se puede ver una explotaci\u00f3n minera a cielo abierto.<\/p>\n<p style=\"text-align: justify;\">Es ideal para un recorrido en bicicleta o a caballo, aunque no tiene una longitud excesiva para poder realizarse caminando.<\/p>\n<p style=\"text-align: justify;\">Comienza en el \u00c1rea Recreativa \u201cChao do Couso\u201d que cuenta con una fuente, varias mesas y un refugio. Se sigue por la carretera de Riotorto aproximadamente unos 300m para luego desviarse a la izquierda por un camino que nos llevar\u00e1 hasta el alto del Cerroch\u00e1n, donde se puede disfrutar de una excelente vista de alguno dos valles de Trabada. Continuando, se avista una arboleda que envuelve al visitante ofreciendo una sensaci\u00f3n de tranquilidad, al observar a ambos lados del camino magn\u00edficas fragas conformadas por una diversidad de especies.<\/p>\n<p style=\"text-align: justify;\">Siguiendo el camino, se encuentra un peque\u00f1o regalo de naturaleza en forma de cascada y una fuente. Continuando el camino, rodeados por la Fraga de Cabanela, se llega a un punto en donde se une con la ruta de la Fraga de Vilapena, de ese punto sale un ramal a la derecha para deleitarse con una vista panor\u00e1mica espl\u00e9ndida de la Fraga de Vilapena y de Vilaform\u00e1n, que podremos alcanzar opcionalmente, una media hora m\u00e1s, entre ida y vuelta.<\/p>\n<p style=\"text-align: justify;\">Una vez visto el panorama, se tomar\u00e1 el camino de regreso hasta el punto de partida. Parte de este \u00faltimo tramo es compartido con la ruta de la Fraga de Vilapena, cuenta con un refugio de madera y se puede observar la gran diversidad de especies: madro\u00f1os, acebos, casta\u00f1os\u2026 hasta el punto en el que gradualmente cambia el paisaje y el sendero se abre a un paisaje transformado por la mano del hombre, donde destacan masas de con\u00edferas, y entre ellas el pino silvestre. As\u00ed, y casi sin darse cuenta, el visitante acaba el recorrido.<\/p>\n<p style=\"text-align: justify;\"><a href=\"https:\/\/turismo.trabada.gal\/wp-content\/uploads\/2018\/03\/rutavento.pdf\" target=\"_blank\" rel=\"noopener\">Descargar folleto de la Ruta do Vento<\/a><\/p>\n<h5 style=\"text-align: justify;\">Ruta de Subida ao Picato<\/h5>\n<h6 style=\"text-align: justify;\">(Longitud aproximada: Esta ruta cuenta con dos alternativas: una de menor\u00a0recorrido, con 5Km y otra con 7Km)<\/h6>\n<p style=\"text-align: justify;\"><a href=\"https:\/\/turismo.trabada.gal\/esp\/wp-content\/uploads\/sites\/7\/2018\/04\/ruta-picato-3-2-1.jpg\"><img loading=\"lazy\" decoding=\"async\" class=\"alignnone size-full wp-image-1461\" src=\"https:\/\/turismo.trabada.gal\/esp\/wp-content\/uploads\/sites\/7\/2018\/04\/ruta-picato-3-2-1.jpg\" alt=\"\" width=\"720\" height=\"514\" srcset=\"https:\/\/turismo.trabada.gal\/esp\/wp-content\/uploads\/sites\/7\/2018\/04\/ruta-picato-3-2-1.jpg 720w, https:\/\/turismo.trabada.gal\/esp\/wp-content\/uploads\/sites\/7\/2018\/04\/ruta-picato-3-2-1-300x214.jpg 300w\" sizes=\"auto, (max-width: 720px) 100vw, 720px\" \/><\/a><\/p>\n<p style=\"text-align: justify;\">Esta ruta es ideal para realizar a caballo, en bicicleta o a pie.<\/p>\n<p>Parte del \u00e1rea recreativa de Chao de Couso. Para empezar el recorrido a pie, se toma un camino de tierra a la derecha del \u00e1rea. El inicio de esta ruta es de poca dificultar, pero a medida que nos vamos adentrando paulatinamente en el bosque de pino silvestre, el camino se vuelve cada vez m\u00e1s empinado hasta llegar a lo alto del Picato (743 m). Una vez all\u00ed, se puede disfrutar de unas vistas impresionantes que recompensar\u00e1n el esfuerzo realizado. En este punto, si el d\u00eda est\u00e1 despejado, hasta se puede ver la costa lucense y el occidente asturiano.<\/p>\n<p>Una vez recreada la vista, el recorrido ofrece dos posibilidades de regreso. Una de ellas es de menos recorrido y discurre a trav\u00e9s de masas de pino silvestre. La otra opci\u00f3n es atravesando cerca de la fraga de Becerreira y posteriormente un paisaje donde se puede observar el t\u00edpico mosaico gallego.<\/p>\n<p style=\"text-align: justify;\"><a href=\"https:\/\/turismo.trabada.gal\/wp-content\/uploads\/2018\/03\/picato.pdf\" target=\"_blank\" rel=\"noopener\">Descargar folleto de la Ruta do Picato<\/a><\/p>\n<h5 style=\"text-align: justify;\">Ruta del Monte Roxal Teixido<\/h5>\n<h6 style=\"text-align: justify;\">(Longitud aproximada: 7,2 Km)<\/h6>\n<p style=\"text-align: justify;\"><a href=\"https:\/\/turismo.trabada.gal\/esp\/wp-content\/uploads\/sites\/7\/2018\/04\/ruta-teixido-2-1.jpg\"><img loading=\"lazy\" decoding=\"async\" class=\"alignnone size-full wp-image-1459\" src=\"https:\/\/turismo.trabada.gal\/esp\/wp-content\/uploads\/sites\/7\/2018\/04\/ruta-teixido-2-1.jpg\" alt=\"\" width=\"960\" height=\"720\" srcset=\"https:\/\/turismo.trabada.gal\/esp\/wp-content\/uploads\/sites\/7\/2018\/04\/ruta-teixido-2-1.jpg 960w, https:\/\/turismo.trabada.gal\/esp\/wp-content\/uploads\/sites\/7\/2018\/04\/ruta-teixido-2-1-300x225.jpg 300w, https:\/\/turismo.trabada.gal\/esp\/wp-content\/uploads\/sites\/7\/2018\/04\/ruta-teixido-2-1-768x576.jpg 768w\" sizes=\"auto, (max-width: 960px) 100vw, 960px\" \/><\/a><\/p>\n<p style=\"text-align: justify;\">Esta ruta es muy sencilla. Avanza por pistas forestales, cuenta con una variada gama de paisajes donde el visitante entra en contacto con los diferentes usos del suelo presentes en el territorio gallego.<\/p>\n<p style=\"text-align: justify;\">Desde esta ruta se pueden observar buenas panor\u00e1micas de la Serra da Cadeira. Se atraviesa la Fraga de Teixido por caminos forestales. En la mitad del tramo cuenta con una fuente. La bajada termina en uno de los caminos de concentraci\u00f3n parcelaria por lo que se producir\u00e1 un cambio de entorno pasando a un paisaje estructurado en parcelas dedicadas al aprovechamiento del eucalipto, prados y cultivos. Este \u00faltimo tramo se realiza en su totalidad por caminos y acaba en el punto inicial de la ruta.<\/p>\n<p style=\"text-align: justify;\"><a href=\"https:\/\/turismo.trabada.gal\/wp-content\/uploads\/2018\/03\/monteroxal.pdf\" target=\"_blank\" rel=\"noopener\">Descargar folleto de la Ruta do Monte Roxal<\/a><\/p>\n<p><!-- d2da70f3baaec925dc159234eed4523a --><\/p>\n","protected":false},"excerpt":{"rendered":"<p>Descubre el #CaminoNatural de Trabada a trav\u00e9s de nuestra red de senderos se\u00f1alizados que ofrece la posibilidad de recorrer nuestros parajes m\u00e1s interesantes de una forma sencilla y c\u00f3moda. Trabada cuenta con numerosas rutas de senderismo por sus \u201cfragas\u201d de singular belleza natural. Un peque\u00f1o y \u00fanico territorio, que aguarda silencioso a que el visitante [&hellip;]<\/p>\n","protected":false},"author":1,"featured_media":0,"parent":0,"menu_order":11,"comment_status":"closed","ping_status":"closed","template":"","meta":{"footnotes":""},"class_list":["post-745","page","type-page","status-publish","hentry"],"_links":{"self":[{"href":"https:\/\/turismo.trabada.gal\/esp\/wp-json\/wp\/v2\/pages\/745","targetHints":{"allow":["GET"]}}],"collection":[{"href":"https:\/\/turismo.trabada.gal\/esp\/wp-json\/wp\/v2\/pages"}],"about":[{"href":"https:\/\/turismo.trabada.gal\/esp\/wp-json\/wp\/v2\/types\/page"}],"author":[{"embeddable":true,"href":"https:\/\/turismo.trabada.gal\/esp\/wp-json\/wp\/v2\/users\/1"}],"replies":[{"embeddable":true,"href":"https:\/\/turismo.trabada.gal\/esp\/wp-json\/wp\/v2\/comments?post=745"}],"version-history":[{"count":35,"href":"https:\/\/turismo.trabada.gal\/esp\/wp-json\/wp\/v2\/pages\/745\/revisions"}],"predecessor-version":[{"id":1721,"href":"https:\/\/turismo.trabada.gal\/esp\/wp-json\/wp\/v2\/pages\/745\/revisions\/1721"}],"wp:attachment":[{"href":"https:\/\/turismo.trabada.gal\/esp\/wp-json\/wp\/v2\/media?parent=745"}],"curies":[{"name":"wp","href":"https:\/\/api.w.org\/{rel}","templated":true}]}}