{"id":777,"date":"2018-03-02T18:19:04","date_gmt":"2018-03-02T18:19:04","guid":{"rendered":"https:\/\/turismo.trabada.gal\/\/engl\/?page_id=777"},"modified":"2018-09-21T12:04:17","modified_gmt":"2018-09-21T12:04:17","slug":"rutas-de-artesania","status":"publish","type":"page","link":"https:\/\/turismo.trabada.gal\/esp\/rutas-de-artesania\/","title":{"rendered":"Rutas de Artesan\u00eda"},"content":{"rendered":"<div id=\"\" class=\"fw-main-row \"  style=\"\">\r\n\t<div class=\"container-fluid\">\r\n\t\t\r\n<div class=\"fw-row\">\r\n\t<div class=\"fw-col-xs-12 grid-column\"  style=\"\">\r\n\t<img decoding=\"async\" src=\"\/\/https:\/\/turismo.trabada.gal\/\/engl\/wp-content\/uploads\/2018\/03\/lucia-catuxo-turimo-trabada.jpg\" alt=\"\/\/https:\/\/turismo.trabada.gal\/\/engl\/wp-content\/uploads\/2018\/03\/lucia-catuxo-turimo-trabada.jpg\" \/><\/div>\r\n<\/div>\r\n\r\n\r\n<div class=\"fw-row\">\r\n\t<div class=\"fw-col-xs-12 grid-column\"  style=\"\">\r\n\t<p style=\"text-align: justify;\">Se trata de conocer, sentir, aprender, descubrir, escuchar...<strong>Luc\u00eda Catuxo<\/strong> abre las puertas de su taller para mostrar su modo de vida de ofrecer una experiencia \u00fanica, aut\u00e9ntica.<\/p><h3 style=\"text-align: justify;\">Luc\u00eda Catuxo<\/h3><p style=\"text-align: justify;\">Su taller de cer\u00e1mica, Casa do Cura, en la parroquia de Vilafernando, en Trabada, abre sus puertas para organizar diferentes talleres, cursos, visitas...<\/p><p style=\"text-align: justify;\">Pod\u00e9is consultar <a href=\"http:\/\/luciacatuxo.com\/casa-do-cura\/\">aqu\u00ed<\/a> los horarios y novedades o contactar con ellos a trav\u00e9s de luciacatuxo@casadocura.es<\/p><p style=\"text-align: justify;\">M\u00e1s informaci\u00f3n:<\/p><p style=\"text-align: justify;\"><a href=\"https:\/\/issuu.com\/amarinaturismo\/docs\/ramlcast?viewMode=singlePage\" target=\"_blank\" rel=\"noopener noreferrer\">Visualizar gu\u00eda.<\/a><\/p><\/div>\r\n<\/div>\r\n\r\n\t<\/div>\r\n<\/div>\r\n\n","protected":false},"excerpt":{"rendered":"<p>Se trata de conocer, sentir, aprender, descubrir, escuchar&#8230;Luc\u00eda Catuxo abre las puertas de su taller para mostrar su modo de vida de ofrecer una experiencia \u00fanica, aut\u00e9ntica.Luc\u00eda CatuxoSu taller de cer\u00e1mica, Casa do Cura, en la parroquia de Vilafernando, en Trabada, abre sus puertas para organizar diferentes talleres, cursos, visitas&#8230;Pod\u00e9is consultar aqu\u00ed los horarios y [&hellip;]<\/p>\n","protected":false},"author":1,"featured_media":0,"parent":0,"menu_order":12,"comment_status":"closed","ping_status":"closed","template":"","meta":{"footnotes":""},"class_list":["post-777","page","type-page","status-publish","hentry"],"_links":{"self":[{"href":"https:\/\/turismo.trabada.gal\/esp\/wp-json\/wp\/v2\/pages\/777","targetHints":{"allow":["GET"]}}],"collection":[{"href":"https:\/\/turismo.trabada.gal\/esp\/wp-json\/wp\/v2\/pages"}],"about":[{"href":"https:\/\/turismo.trabada.gal\/esp\/wp-json\/wp\/v2\/types\/page"}],"author":[{"embeddable":true,"href":"https:\/\/turismo.trabada.gal\/esp\/wp-json\/wp\/v2\/users\/1"}],"replies":[{"embeddable":true,"href":"https:\/\/turismo.trabada.gal\/esp\/wp-json\/wp\/v2\/comments?post=777"}],"version-history":[{"count":11,"href":"https:\/\/turismo.trabada.gal\/esp\/wp-json\/wp\/v2\/pages\/777\/revisions"}],"predecessor-version":[{"id":1723,"href":"https:\/\/turismo.trabada.gal\/esp\/wp-json\/wp\/v2\/pages\/777\/revisions\/1723"}],"wp:attachment":[{"href":"https:\/\/turismo.trabada.gal\/esp\/wp-json\/wp\/v2\/media?parent=777"}],"curies":[{"name":"wp","href":"https:\/\/api.w.org\/{rel}","templated":true}]}}