{"id":857,"date":"2018-03-05T13:23:02","date_gmt":"2018-03-05T13:23:02","guid":{"rendered":"https:\/\/turismo.trabada.gal\/\/engl\/?page_id=857"},"modified":"2023-04-21T08:29:35","modified_gmt":"2023-04-21T08:29:35","slug":"donde-alojarse","status":"publish","type":"page","link":"https:\/\/turismo.trabada.gal\/esp\/donde-alojarse\/","title":{"rendered":"\u00bfD\u00f3nde alojarse?"},"content":{"rendered":"<div id=\"\" class=\"fw-main-row \"  style=\"\">\r\n\t<div class=\"container-fluid\">\r\n\t\t\r\n<div class=\"fw-row\">\r\n\t<div class=\"fw-col-xs-12 fw-col-sm-6 grid-column\"  style=\"\">\r\n\t<\/div>\r\n<div class=\"fw-col-xs-12 fw-col-sm-6 grid-column\"  style=\"\">\r\n\t<\/div>\r\n<\/div>\r\n\r\n\r\n<div class=\"fw-row\">\r\n\t<div class=\"fw-col-xs-12 fw-col-sm-6 grid-column\"  style=\"\">\r\n\t<img decoding=\"async\" src=\"\/\/https:\/\/turismo.trabada.gal\/\/esp\/wp-content\/uploads\/sites\/7\/2018\/11\/Finca-OBizarro-turismo_Trabada.jpg\" alt=\"\/\/https:\/\/turismo.trabada.gal\/\/esp\/wp-content\/uploads\/sites\/7\/2018\/11\/Finca-OBizarro-turismo_Trabada.jpg\" \/><p style=\"text-align: justify;\"><a href=\"http:\/\/www.casarurallugocosta.com\/\">Finca O Bizarro<\/a><\/p><p style=\"text-align: justify;\"><strong>Servicios:<\/strong><\/p><p style=\"text-align: justify;\">Finca O Bizarro se trata de un entorno natural de m\u00e1s de 50 hect\u00e1reas, protegido por la Red Natura 2000, ubicado en las R\u00edas Altas Lucenses (A Mari\u00f1a Lucense) donde usted y los suyos podr\u00e1n disfrutar tanto de la naturaleza de monta\u00f1a como de playa.<\/p><p style=\"text-align: justify;\"><strong>\u00bfC\u00f3mo llegar?<\/strong><\/p><p style=\"text-align: justify;\">C\/ O Bizarro s\/n 27765 Trabada (Lugo)<\/p><p style=\"text-align: justify;\">(34)\u00a0656 35 51 44<\/p><div class=\"fw-col-xs-12 fw-col-sm-6 grid-column\"><p><strong>NOTA<\/strong>: solo abre en agosto.<\/p><\/div><\/div>\r\n<div class=\"fw-col-xs-12 fw-col-sm-6 grid-column\"  style=\"\">\r\n\t<img decoding=\"async\" src=\"\/\/https:\/\/turismo.trabada.gal\/\/esp\/wp-content\/uploads\/sites\/7\/2018\/11\/Casa-Carballeira_turismo_Trabada.jpg\" alt=\"\/\/https:\/\/turismo.trabada.gal\/\/esp\/wp-content\/uploads\/sites\/7\/2018\/11\/Casa-Carballeira_turismo_Trabada.jpg\" \/><p style=\"text-align: justify;\"><a href=\"https:\/\/casacarballeira.es\/\">Casa Carballeira<\/a><\/p><p style=\"text-align: justify;\"><strong>Servicios:<\/strong><\/p><p style=\"text-align: justify;\">Es una antigua casa familiar restaurada que conserva la t\u00edpica construcci\u00f3n gallega en piedra y madera de casta\u00f1o. Rodeada por una extensa finca en la que podemos encontrar el antiguo cabazo de la casa, el pozo, la bodega en la que se coc\u00eda el pan. Adem\u00e1s de esto, tambi\u00e9n dispone de una barbacoa, columpios, un peque\u00f1o huerto y diversos frutales de los que el cliente puede disfrutar.<\/p><p style=\"text-align: justify;\">Casa Carballeira est\u00e1 dividida en cuatro apartamentos perfectamente equipados.<\/p><p style=\"text-align: justify;\">Tambi\u00e9n ofrecemos alquiler de canoas, a trav\u00e9s de Canoas do Eo.&nbsp;As\u00ed como rutas en bicicleta (se alquilan).<\/p><p><a href=\"https:\/\/casacarballeira.es\/\" target=\"_blank\" rel=\"noopener\">https:\/\/casacarballeira.es\/<\/a><\/p><p style=\"text-align: justify;\"><strong>\u00bfC\u00f3mo llegar?<\/strong><\/p><div style=\"text-align: justify;\"><span class=\"_50f4\">Villafernando. Trabada.<\/span><\/div><p style=\"text-align: justify;\">982 135 226 \/ 607 34 90 45<\/p><\/div>\r\n<\/div>\r\n\r\n\r\n<div class=\"fw-row\">\r\n\t<div class=\"fw-col-xs-12 grid-column\"  style=\"\">\r\n\t<\/div>\r\n<\/div>\r\n\r\n\r\n<div class=\"fw-row\">\r\n\t<div class=\"fw-col-xs-12 fw-col-sm-6 grid-column\"  style=\"\">\r\n\t<\/div>\r\n<div class=\"fw-col-xs-12 fw-col-sm-6 grid-column\"  style=\"\">\r\n\t<\/div>\r\n<\/div>\r\n\r\n\r\n<div class=\"fw-row\">\r\n\t<div class=\"fw-col-xs-12 fw-col-sm-6 grid-column\"  style=\"\">\r\n\t<img decoding=\"async\" src=\"\/\/https:\/\/turismo.trabada.gal\/\/esp\/wp-content\/uploads\/sites\/7\/2018\/11\/Casa-Venancio-turismo_Trabada.jpg\" alt=\"\/\/https:\/\/turismo.trabada.gal\/\/esp\/wp-content\/uploads\/sites\/7\/2018\/11\/Casa-Venancio-turismo_Trabada.jpg\" \/><p style=\"text-align: justify;\"><a href=\"https:\/\/www.facebook.com\/PensionCasaVenancio\/\">Casa Venancio<\/a><\/p><p style=\"text-align: justify;\"><strong>Servicios:<\/strong><\/p><p style=\"text-align: justify;\">Casa de piedra y madera que se alquila por habitaciones.\u00a0Consta de un sal\u00f3n comedor, tres dormitorios con una cama de matrimonio y ba\u00f1o, y una habitaci\u00f3n individual con ba\u00f1o externo. Todas con televisi\u00f3n, calefacci\u00f3n y hermosas vistas. Desayuno opcional.<\/p><p style=\"text-align: justify;\">Tambi\u00e9n dispone de una cocina con microondas, televisi\u00f3n, cocina el\u00e9ctrica, utensilios de cocina y barbacoa.<\/p><p style=\"text-align: justify;\"><strong>\u00bfC\u00f3mo llegar?<\/strong><\/p><p style=\"text-align: justify;\">Vilarbetote, 27766, Sante (Trabada)<\/p><p style=\"text-align: justify;\">607 539 050<\/p><div class=\"fw-col-xs-12 fw-col-sm-6 grid-column\"><p><strong>NOTA<\/strong>: Tambi\u00e9n dispone de dos apartamentos totalmente equipados para su alquiler.<\/p><\/div><\/div>\r\n<div class=\"fw-col-xs-12 fw-col-sm-6 grid-column\"  style=\"\">\r\n\t<img decoding=\"async\" src=\"\/\/https:\/\/turismo.trabada.gal\/\/esp\/wp-content\/uploads\/sites\/7\/2018\/11\/Finca-Lendecoira-turismo_Trabada.jpg\" alt=\"\/\/https:\/\/turismo.trabada.gal\/\/esp\/wp-content\/uploads\/sites\/7\/2018\/11\/Finca-Lendecoira-turismo_Trabada.jpg\" \/><p><a href=\"https:\/\/es.rentalia.com\/691128\">Finca Landecoira<\/a><\/p><p><strong>Servicios:<\/strong><\/p><p>Caba\u00f1a n\u00f3rdica de 80 m2 para 4-5 personas, con todas las comodidades (calefacci\u00f3n, lavavajillas, lavadora, parking ...), zona de estar interior con amplia cocina, comedor, dos dormitorios y un ba\u00f1o. Sala de estar exterior amueblada con porche y jard\u00edn.<\/p><p><strong>\u00bfC\u00f3mo llegar?<\/strong><\/p><div><p>Lendecoira,s\/n<\/p><p>27766 Lendecoira \u2013 Trabada (Lugo).<\/p><p>622 47 90 96<\/p><\/div><\/div>\r\n<\/div>\r\n\r\n\r\n<div class=\"fw-row\">\r\n\t<div class=\"fw-col-xs-12 fw-col-sm-6 grid-column\"  style=\"\">\r\n\t<\/div>\r\n<div class=\"fw-col-xs-12 fw-col-sm-6 grid-column\"  style=\"\">\r\n\t<\/div>\r\n<\/div>\r\n\r\n\r\n<div class=\"fw-row\">\r\n\t<div class=\"fw-col-xs-12 fw-col-sm-6 grid-column\"  style=\"\">\r\n\t<\/div>\r\n<div class=\"fw-col-xs-12 fw-col-sm-6 grid-column\"  style=\"\">\r\n\t<\/div>\r\n<\/div>\r\n\r\n\r\n<div class=\"fw-row\">\r\n\t<div class=\"fw-col-xs-12 fw-col-sm-6 grid-column\"  style=\"\">\r\n\t<img decoding=\"async\" src=\"\/\/https:\/\/turismo.trabada.gal\/\/esp\/wp-content\/uploads\/sites\/7\/2018\/11\/Casa-Fidalgo-turismo_Trabada.jpg\" alt=\"\/\/https:\/\/turismo.trabada.gal\/\/esp\/wp-content\/uploads\/sites\/7\/2018\/11\/Casa-Fidalgo-turismo_Trabada.jpg\" \/><p><a href=\"https:\/\/www.casasrurales.net\/apartamentos-rurales\/apartamento-fidalgo--c62137\" target=\"_blank\" rel=\"noopener\">Casa Fidalgo<\/a><\/p><p><strong>Servicios:<\/strong><\/p><p>Apartamento rural con una habitaci\u00f3n doble, un dormitorio con una cama doble y un sof\u00e1 cama, una habitaci\u00f3n con supletoria peque\u00f1a, un ba\u00f1o completo y cocina comedor con nevera, microondas, chimenea, ropa de cama, secador de pelo\u2026<\/p><p><strong>\u00bfC\u00f3mo llegar?<\/strong><\/p><div><span class=\"_50f4\">Vilar Betote \u2013 27766 Trabada.<\/span><\/div><p>982 156 268 \u2013 630 281 488<\/p><\/div>\r\n<div class=\"fw-col-xs-12 fw-col-sm-6 grid-column\"  style=\"\">\r\n\t<img decoding=\"async\" src=\"\/\/https:\/\/turismo.trabada.gal\/\/esp\/wp-content\/uploads\/sites\/7\/2018\/11\/casa-quitapenas-turismo-trabada.jpg\" alt=\"\/\/https:\/\/turismo.trabada.gal\/\/esp\/wp-content\/uploads\/sites\/7\/2018\/11\/casa-quitapenas-turismo-trabada.jpg\" \/><p style=\"text-align: justify;\"><a href=\"https:\/\/casaquitapenas.com\/\">Casa Quitapenas<\/a><\/p><p style=\"text-align: justify;\"><strong>Servicios:<\/strong><\/p><p style=\"text-align: justify;\">La casa es un refugio peque\u00f1o y muy coqueto, en el que se respet\u00f3 la idiosincrasia de la aldea con materiales nobles. Todos los electrodom\u00e9sticos est\u00e1n \u201cescondidos\u201d en los armarios, cuenta con cocina de le\u00f1a con un banco atr\u00e1s de ella, algo t\u00edpico de la monta\u00f1a Astur-Galaica. El primer piso es en forma de altillo y tiene una sala con un sof\u00e1 cama y un comedor. Adem\u00e1s, todo esto est\u00e1 rodeado de un amplio jard\u00edn de 600 metros. Admite mascotas.<\/p><p style=\"text-align: justify;\"><strong>\u00bfC\u00f3mo llegar?<\/strong><\/p><div style=\"text-align: justify;\"><span class=\"_50f4\">Lgar. Roxo Seco, 4, Vilaform\u00e1n<br \/>27767 \u2013 Trabada (Lugo)<\/span><\/div><p style=\"text-align: justify;\">629 382 752<\/p><div class=\"fw-row\"><div class=\"fw-col-xs-12 fw-col-sm-6 grid-column\"><p><strong>NOTA<\/strong>:\u00a0Abierta de marzo a octubre y, a mayores, en el puente de diciembre y en Navidad.<\/p><\/div><\/div><\/div>\r\n<\/div>\r\n\r\n\r\n<div class=\"fw-row\">\r\n\t<div class=\"fw-col-xs-12 fw-col-sm-6 grid-column\"  style=\"\">\r\n\t<\/div>\r\n<div class=\"fw-col-xs-12 fw-col-sm-6 grid-column\"  style=\"\">\r\n\t<\/div>\r\n<\/div>\r\n\r\n\r\n<div class=\"fw-row\">\r\n\t<div class=\"fw-col-xs-12 fw-col-sm-6 grid-column\"  style=\"\">\r\n\t<img decoding=\"async\" src=\"\/\/https:\/\/turismo.trabada.gal\/\/esp\/wp-content\/uploads\/sites\/7\/2018\/11\/Casa-Rubieira-turismo_Trabada.jpg\" alt=\"\/\/https:\/\/turismo.trabada.gal\/\/esp\/wp-content\/uploads\/sites\/7\/2018\/11\/Casa-Rubieira-turismo_Trabada.jpg\" \/><p style=\"text-align: justify;\">Casa Rubieira<\/p><p style=\"text-align: justify;\"><strong>Servicios:<\/strong><\/p><p>Preciosas vistas a la monta\u00f1a. Cuenta con 6 dormitorios, para un m\u00e1ximo de 12 personas, cocina con horno, zona de estar y ba\u00f1o. Dispone de barbacoa y con parque infantil.<\/p><p style=\"text-align: justify;\"><strong>\u00bfC\u00f3mo llegar?<\/strong><\/p><p style=\"text-align: justify;\">San Mart\u00edn, 10 - 27766 R\u00eda de Abres.<\/p><p style=\"text-align: justify;\">\u00a0622 106 350<\/p><\/div>\r\n<div class=\"fw-col-xs-12 fw-col-sm-6 grid-column\"  style=\"\">\r\n\t<\/div>\r\n<\/div>\r\n\r\n\t<\/div>\r\n<\/div>\r\n\n","protected":false},"excerpt":{"rendered":"<p>Finca O BizarroServicios:Finca O Bizarro se trata de un entorno natural de m\u00e1s de 50 hect\u00e1reas, protegido por la Red Natura 2000, ubicado en las R\u00edas Altas Lucenses (A Mari\u00f1a Lucense) donde usted y los suyos podr\u00e1n disfrutar tanto de la naturaleza de monta\u00f1a como de playa.\u00bfC\u00f3mo llegar?C\/ O Bizarro s\/n 27765 Trabada (Lugo)(34)\u00a0656 35 [&hellip;]<\/p>\n","protected":false},"author":1,"featured_media":0,"parent":0,"menu_order":8,"comment_status":"closed","ping_status":"closed","template":"","meta":{"footnotes":""},"class_list":["post-857","page","type-page","status-publish","hentry"],"_links":{"self":[{"href":"https:\/\/turismo.trabada.gal\/esp\/wp-json\/wp\/v2\/pages\/857","targetHints":{"allow":["GET"]}}],"collection":[{"href":"https:\/\/turismo.trabada.gal\/esp\/wp-json\/wp\/v2\/pages"}],"about":[{"href":"https:\/\/turismo.trabada.gal\/esp\/wp-json\/wp\/v2\/types\/page"}],"author":[{"embeddable":true,"href":"https:\/\/turismo.trabada.gal\/esp\/wp-json\/wp\/v2\/users\/1"}],"replies":[{"embeddable":true,"href":"https:\/\/turismo.trabada.gal\/esp\/wp-json\/wp\/v2\/comments?post=857"}],"version-history":[{"count":57,"href":"https:\/\/turismo.trabada.gal\/esp\/wp-json\/wp\/v2\/pages\/857\/revisions"}],"predecessor-version":[{"id":2922,"href":"https:\/\/turismo.trabada.gal\/esp\/wp-json\/wp\/v2\/pages\/857\/revisions\/2922"}],"wp:attachment":[{"href":"https:\/\/turismo.trabada.gal\/esp\/wp-json\/wp\/v2\/media?parent=857"}],"curies":[{"name":"wp","href":"https:\/\/api.w.org\/{rel}","templated":true}]}}