{"id":999,"date":"2018-03-05T18:34:54","date_gmt":"2018-03-05T18:34:54","guid":{"rendered":"https:\/\/turismo.trabada.gal\/\/engl\/?page_id=999"},"modified":"2022-02-22T12:27:18","modified_gmt":"2022-02-22T12:27:18","slug":"areas-recreativas","status":"publish","type":"page","link":"https:\/\/turismo.trabada.gal\/esp\/areas-recreativas\/","title":{"rendered":"\u00c1reas recreativas"},"content":{"rendered":"<div id=\"pl-999\"  class=\"panel-layout\" ><div id=\"pg-999-0\"  class=\"panel-grid panel-no-style\" ><div id=\"pgc-999-0-0\"  class=\"panel-grid-cell\" ><div id=\"panel-999-0-0-0\" class=\"so-panel widget widget_sow-editor panel-first-child panel-last-child\" data-index=\"0\" ><div\n\t\t\t\n\t\t\tclass=\"so-widget-sow-editor so-widget-sow-editor-base\"\n\t\t\t\n\t\t>\n<div class=\"siteorigin-widget-tinymce textwidget\">\n\t<p style=\"text-align: justify;\">El Ayuntamiento de Trabada cuenta con hasta seis \u00e1reas recreativas, integradas a la perfecci\u00f3n con su espacio natural y siendo excelentes ejemplos de lo que significa el \u201cCami\u00f1o Natural\u201d de Trabada.<\/p>\n<h6>\u00c1rea recreativa de A Choza (R\u00eda de Abres)<\/h6>\n<p><img decoding=\"async\" src=\"\/\/https:\/\/turismo.trabada.gal\/\/wp-content\/uploads\/2018\/03\/area-abres.jpg\" alt=\"\/\/https:\/\/turismo.trabada.gal\/\/wp-content\/uploads\/2018\/03\/area-abres.jpg\" \/><\/p>\n<p><a href=\"https:\/\/turismo.trabada.gal\/esp\/areas-recreativas\/#mapaareas\"><img loading=\"lazy\" decoding=\"async\" class=\"aligncenter wp-image-2573\" src=\"https:\/\/turismo.trabada.gal\/wp-content\/uploads\/2022\/02\/ver-ubicacion-trabada.png\" alt=\"\" width=\"250\" height=\"53\" \/><\/a><\/p>\n<h6>\u00c1rea recreativa da Belosi\u00f1a<\/h6>\n<p><img decoding=\"async\" src=\"\/\/https:\/\/turismo.trabada.gal\/\/wp-content\/uploads\/2018\/03\/area-belosina.jpg\" alt=\"\/\/https:\/\/turismo.trabada.gal\/\/wp-content\/uploads\/2018\/03\/area-belosina.jpg\" \/><\/p>\n<p><a href=\"https:\/\/turismo.trabada.gal\/esp\/areas-recreativas\/#mapaareas\"><img loading=\"lazy\" decoding=\"async\" class=\"aligncenter wp-image-2573\" src=\"https:\/\/turismo.trabada.gal\/wp-content\/uploads\/2022\/02\/ver-ubicacion-trabada.png\" alt=\"\" width=\"250\" height=\"53\" \/><\/a><\/p>\n<h6>\u00c1rea recreativa do Cami\u00f1o de Santiago<\/h6>\n<p><img decoding=\"async\" src=\"\/\/https:\/\/turismo.trabada.gal\/\/wp-content\/uploads\/2018\/03\/area-camino-santiago.jpg\" alt=\"\/\/https:\/\/turismo.trabada.gal\/\/wp-content\/uploads\/2018\/03\/area-camino-santiago.jpg\" \/><\/p>\n<p><a href=\"https:\/\/turismo.trabada.gal\/esp\/areas-recreativas\/#mapaareas\"><img loading=\"lazy\" decoding=\"async\" class=\"aligncenter wp-image-2573\" src=\"https:\/\/turismo.trabada.gal\/wp-content\/uploads\/2022\/02\/ver-ubicacion-trabada.png\" alt=\"\" width=\"250\" height=\"53\" \/><\/a><\/p>\n<h6>\u00c1rea recreativa do Picato<\/h6>\n<p><img decoding=\"async\" src=\"\/\/https:\/\/turismo.trabada.gal\/\/wp-content\/uploads\/2018\/03\/area-recreativa-picato-trabada-turismo.jpg\" alt=\"\/\/https:\/\/turismo.trabada.gal\/\/wp-content\/uploads\/2018\/03\/area-recreativa-picato-trabada-turismo.jpg\" \/><\/p>\n<p><a href=\"https:\/\/turismo.trabada.gal\/esp\/areas-recreativas\/#mapaareas\"><img loading=\"lazy\" decoding=\"async\" class=\"aligncenter wp-image-2573\" src=\"https:\/\/turismo.trabada.gal\/wp-content\/uploads\/2022\/02\/ver-ubicacion-trabada.png\" alt=\"\" width=\"250\" height=\"53\" \/><\/a><\/p>\n<h6>\u00c1rea recreativa de A Cadeira<\/h6>\n<p><a href=\"https:\/\/turismo.trabada.gal\/wp-content\/uploads\/2018\/03\/Cadeira-1.jpg\"><img loading=\"lazy\" decoding=\"async\" class=\"alignnone wp-image-1199 size-full\" src=\"https:\/\/turismo.trabada.gal\/wp-content\/uploads\/2018\/03\/Cadeira-1.jpg\" alt=\"\" width=\"1200\" height=\"400\" srcset=\"https:\/\/turismo.trabada.gal\/esp\/wp-content\/uploads\/sites\/7\/2018\/03\/Cadeira-1.jpg 1200w, https:\/\/turismo.trabada.gal\/esp\/wp-content\/uploads\/sites\/7\/2018\/03\/Cadeira-1-300x100.jpg 300w, https:\/\/turismo.trabada.gal\/esp\/wp-content\/uploads\/sites\/7\/2018\/03\/Cadeira-1-768x256.jpg 768w, https:\/\/turismo.trabada.gal\/esp\/wp-content\/uploads\/sites\/7\/2018\/03\/Cadeira-1-1024x341.jpg 1024w\" sizes=\"auto, (max-width: 1200px) 100vw, 1200px\" \/><\/a><\/p>\n<p><a href=\"https:\/\/turismo.trabada.gal\/esp\/areas-recreativas\/#mapaareas\"><img loading=\"lazy\" decoding=\"async\" class=\"aligncenter wp-image-2573\" src=\"https:\/\/turismo.trabada.gal\/wp-content\/uploads\/2022\/02\/ver-ubicacion-trabada.png\" alt=\"\" width=\"250\" height=\"53\" \/><\/a><\/p>\n<h6>\u00c1rea recreativa de Sante<\/h6>\n<p><a href=\"https:\/\/turismo.trabada.gal\/wp-content\/uploads\/2018\/03\/sante.jpg\"><img loading=\"lazy\" decoding=\"async\" class=\"alignnone wp-image-1197 size-full\" src=\"https:\/\/turismo.trabada.gal\/wp-content\/uploads\/2018\/03\/sante.jpg\" alt=\"\" width=\"1200\" height=\"400\" \/><\/a><\/p>\n<p><a href=\"https:\/\/turismo.trabada.gal\/esp\/areas-recreativas\/#mapaareas\"><img loading=\"lazy\" decoding=\"async\" class=\"aligncenter wp-image-2573\" src=\"https:\/\/turismo.trabada.gal\/wp-content\/uploads\/2022\/02\/ver-ubicacion-trabada.png\" alt=\"\" width=\"250\" height=\"53\" \/><\/a><\/p>\n<\/div>\n<\/div><\/div><\/div><\/div><div id=\"pg-999-1\"  class=\"panel-grid panel-has-style\" ><div class=\"siteorigin-panels-stretch panel-row-style panel-row-style-for-999-1\" id=\"mapaareas\" data-stretch-type=\"full\" ><div id=\"pgc-999-1-0\"  class=\"panel-grid-cell\" ><div id=\"panel-999-1-0-0\" class=\"so-panel widget widget_text panel-first-child panel-last-child\" data-index=\"1\" >\t\t\t<div class=\"textwidget\"><h3 style=\"text-align: center;\">Mapa de \u00e1reas recreativas y autocaravanas de Trabada<\/h3>\n<p><!-- e726968d15db801737f24a9984abac84 --><\/p>\n<p style=\"text-align: center;\"><iframe src=\"https:\/\/www.google.com\/maps\/d\/embed?mid=1U6Qv0xYqFHT8pb6wJWheaxyMxvi4mrCk&amp;ehbc=2E312F\"><\/iframe><\/p>\n<\/div>\n\t\t<\/div><\/div><\/div><\/div><\/div>","protected":false},"excerpt":{"rendered":"<p>El Ayuntamiento de Trabada cuenta con hasta seis \u00e1reas recreativas, integradas a la perfecci\u00f3n con su espacio natural y siendo excelentes ejemplos de lo que significa el \u201cCami\u00f1o Natural\u201d de Trabada. \u00c1rea recreativa de A Choza (R\u00eda de Abres) \u00c1rea recreativa da Belosi\u00f1a \u00c1rea recreativa do Cami\u00f1o de Santiago \u00c1rea recreativa do Picato \u00c1rea recreativa [&hellip;]<\/p>\n","protected":false},"author":1,"featured_media":0,"parent":0,"menu_order":14,"comment_status":"closed","ping_status":"closed","template":"","meta":{"footnotes":""},"class_list":["post-999","page","type-page","status-publish","hentry"],"_links":{"self":[{"href":"https:\/\/turismo.trabada.gal\/esp\/wp-json\/wp\/v2\/pages\/999","targetHints":{"allow":["GET"]}}],"collection":[{"href":"https:\/\/turismo.trabada.gal\/esp\/wp-json\/wp\/v2\/pages"}],"about":[{"href":"https:\/\/turismo.trabada.gal\/esp\/wp-json\/wp\/v2\/types\/page"}],"author":[{"embeddable":true,"href":"https:\/\/turismo.trabada.gal\/esp\/wp-json\/wp\/v2\/users\/1"}],"replies":[{"embeddable":true,"href":"https:\/\/turismo.trabada.gal\/esp\/wp-json\/wp\/v2\/comments?post=999"}],"version-history":[{"count":15,"href":"https:\/\/turismo.trabada.gal\/esp\/wp-json\/wp\/v2\/pages\/999\/revisions"}],"predecessor-version":[{"id":1855,"href":"https:\/\/turismo.trabada.gal\/esp\/wp-json\/wp\/v2\/pages\/999\/revisions\/1855"}],"wp:attachment":[{"href":"https:\/\/turismo.trabada.gal\/esp\/wp-json\/wp\/v2\/media?parent=999"}],"curies":[{"name":"wp","href":"https:\/\/api.w.org\/{rel}","templated":true}]}}